{"id":28,"date":"2024-02-14T10:45:52","date_gmt":"2024-02-14T13:45:52","guid":{"rendered":"https:\/\/webprisma.com.br\/memoriadamusica\/?page_id=28"},"modified":"2025-10-06T23:43:36","modified_gmt":"2025-10-07T02:43:36","slug":"teses","status":"publish","type":"page","link":"https:\/\/www.memoriadamusica.com.br\/index.php\/teses\/","title":{"rendered":"Teses"},"content":{"rendered":"\t\t<div data-elementor-type=\"wp-page\" data-elementor-id=\"28\" class=\"elementor elementor-28\" data-elementor-settings=\"{&quot;ha_cmc_init_switcher&quot;:&quot;no&quot;}\" data-elementor-post-type=\"page\">\n\t\t\t\t<div class=\"elementor-element elementor-element-dd807d0 e-con-full e-flex e-con e-parent\" data-id=\"dd807d0\" data-element_type=\"container\" data-e-type=\"container\" data-settings=\"{&quot;background_background&quot;:&quot;classic&quot;}\">\n\t\t\t\t<div class=\"elementor-element elementor-element-1edb7061 elementor-invisible elementor-widget elementor-widget-text-editor\" data-id=\"1edb7061\" data-element_type=\"widget\" data-e-type=\"widget\" data-settings=\"{&quot;_animation&quot;:&quot;fadeInDown&quot;}\" data-widget_type=\"text-editor.default\">\n\t\t\t\t<div class=\"elementor-widget-container\">\n\t\t\t\t\t\t\t\t\t<p>Textos e \u00c1udios<\/p>\t\t\t\t\t\t\t\t<\/div>\n\t\t\t\t<\/div>\n\t\t\t\t<div class=\"elementor-element elementor-element-596bdf7b elementor-invisible elementor-widget elementor-widget-heading\" data-id=\"596bdf7b\" data-element_type=\"widget\" data-e-type=\"widget\" data-settings=\"{&quot;motion_fx_motion_fx_scrolling&quot;:&quot;yes&quot;,&quot;motion_fx_range&quot;:&quot;page&quot;,&quot;_animation&quot;:&quot;fadeInUp&quot;,&quot;motion_fx_devices&quot;:[&quot;desktop&quot;,&quot;tablet&quot;,&quot;mobile&quot;]}\" data-widget_type=\"heading.default\">\n\t\t\t\t<div class=\"elementor-widget-container\">\n\t\t\t\t\t<h2 class=\"elementor-heading-title elementor-size-default\">Teses<\/h2>\t\t\t\t<\/div>\n\t\t\t\t<\/div>\n\t\t\t\t<\/div>\n\t\t<div class=\"elementor-element elementor-element-347203a e-flex e-con-boxed e-con e-parent\" data-id=\"347203a\" data-element_type=\"container\" data-e-type=\"container\">\n\t\t\t\t\t<div class=\"e-con-inner\">\n\t\t\t\t<div class=\"elementor-element elementor-element-31eda8e elementor-widget elementor-widget-spacer\" data-id=\"31eda8e\" data-element_type=\"widget\" data-e-type=\"widget\" data-widget_type=\"spacer.default\">\n\t\t\t\t<div class=\"elementor-widget-container\">\n\t\t\t\t\t\t\t<div class=\"elementor-spacer\">\n\t\t\t<div class=\"elementor-spacer-inner\"><\/div>\n\t\t<\/div>\n\t\t\t\t\t\t<\/div>\n\t\t\t\t<\/div>\n\t\t\t\t\t<\/div>\n\t\t\t\t<\/div>\n\t\t<div class=\"elementor-element elementor-element-68c1b5a e-flex e-con-boxed e-con e-parent\" data-id=\"68c1b5a\" data-element_type=\"container\" data-e-type=\"container\">\n\t\t\t\t\t<div class=\"e-con-inner\">\n\t\t\t\t<div class=\"elementor-element elementor-element-02d7848 elementor-posts--thumbnail-none elementor-posts--align-center elementor-grid-3 elementor-grid-tablet-2 elementor-grid-mobile-1 elementor-card-shadow-yes elementor-posts__hover-gradient load-more-align-center elementor-widget elementor-widget-posts\" data-id=\"02d7848\" data-element_type=\"widget\" data-e-type=\"widget\" data-settings=\"{&quot;pagination_type&quot;:&quot;load_more_on_click&quot;,&quot;cards_columns&quot;:&quot;3&quot;,&quot;cards_columns_tablet&quot;:&quot;2&quot;,&quot;cards_columns_mobile&quot;:&quot;1&quot;,&quot;cards_row_gap&quot;:{&quot;unit&quot;:&quot;px&quot;,&quot;size&quot;:35,&quot;sizes&quot;:[]},&quot;cards_row_gap_tablet&quot;:{&quot;unit&quot;:&quot;px&quot;,&quot;size&quot;:&quot;&quot;,&quot;sizes&quot;:[]},&quot;cards_row_gap_mobile&quot;:{&quot;unit&quot;:&quot;px&quot;,&quot;size&quot;:&quot;&quot;,&quot;sizes&quot;:[]},&quot;load_more_spinner&quot;:{&quot;value&quot;:&quot;fas fa-spinner&quot;,&quot;library&quot;:&quot;fa-solid&quot;}}\" data-widget_type=\"posts.cards\">\n\t\t\t\t<div class=\"elementor-widget-container\">\n\t\t\t\t\t\t\t<div class=\"elementor-posts-container elementor-posts elementor-posts--skin-cards elementor-grid\" role=\"list\">\n\t\t\t\t<article class=\"elementor-post elementor-grid-item post-3312 post type-post status-publish format-standard hentry category-recentes category-teses category-textos-e-audios\" role=\"listitem\">\n\t\t\t<div class=\"elementor-post__card\">\n\t\t\t\t<div class=\"elementor-post__text\">\n\t\t\t\t<h3 class=\"elementor-post__title\">\n\t\t\t<a href=\"https:\/\/www.memoriadamusica.com.br\/index.php\/textos-e-audios\/1974-e-o-rock-progressivo-paulistano-dissertacao-de-mestrado\/\" >\n\t\t\t\t1974 e o rock progressivo paulistano. Matheus Lacorte Naman Angelo de Castro. Tese de Mestrado PPGHS-FFLCH-USP. 2025\t\t\t<\/a>\n\t\t<\/h3>\n\t\t\t\t\t<div class=\"elementor-post__read-more-wrapper\">\n\t\t\n\t\t<a class=\"elementor-post__read-more\" href=\"https:\/\/www.memoriadamusica.com.br\/index.php\/textos-e-audios\/1974-e-o-rock-progressivo-paulistano-dissertacao-de-mestrado\/\" aria-label=\"Read more about 1974 e o rock progressivo paulistano. Matheus Lacorte Naman Angelo de Castro. Tese de Mestrado PPGHS-FFLCH-USP. 2025\" tabindex=\"-1\" >\n\t\t\tLer Mais \u00bb\t\t<\/a>\n\n\t\t\t\t\t<\/div>\n\t\t\t\t<\/div>\n\t\t\t\t<div class=\"elementor-post__meta-data\">\n\t\t\t\t\t<span class=\"elementor-post-date\">\n\t\t\t20 de outubro de 2025\t\t<\/span>\n\t\t\t\t<\/div>\n\t\t\t\t\t<\/div>\n\t\t<\/article>\n\t\t\t\t<article class=\"elementor-post elementor-grid-item post-2228 post type-post status-publish format-standard hentry category-teses\" role=\"listitem\">\n\t\t\t<div class=\"elementor-post__card\">\n\t\t\t\t<div class=\"elementor-post__text\">\n\t\t\t\t<h3 class=\"elementor-post__title\">\n\t\t\t<a href=\"https:\/\/www.memoriadamusica.com.br\/index.php\/textos-e-audios\/teses\/nois-cantemos-assim-musica-radio-e-samba-em-sao-paulo-na-primeira-metade-do-seculo-xx-andre-augusto-de-oliveira-santos-tese-de-doutorado-ppghs-fflch-usp-2023\/\" >\n\t\t\t\t\u201cN\u00f3is cantemos assim\u201d. M\u00fasica, r\u00e1dio e samba em S\u00e3o Paulo na primeira metade do s\u00e9culo XX. Andr\u00e9 Augusto de Oliveira Santos. Tese de Doutorado PPGHS-FFLCH-USP. 2023\t\t\t<\/a>\n\t\t<\/h3>\n\t\t\t\t\t<div class=\"elementor-post__read-more-wrapper\">\n\t\t\n\t\t<a class=\"elementor-post__read-more\" href=\"https:\/\/www.memoriadamusica.com.br\/index.php\/textos-e-audios\/teses\/nois-cantemos-assim-musica-radio-e-samba-em-sao-paulo-na-primeira-metade-do-seculo-xx-andre-augusto-de-oliveira-santos-tese-de-doutorado-ppghs-fflch-usp-2023\/\" aria-label=\"Read more about \u201cN\u00f3is cantemos assim\u201d. M\u00fasica, r\u00e1dio e samba em S\u00e3o Paulo na primeira metade do s\u00e9culo XX. Andr\u00e9 Augusto de Oliveira Santos. Tese de Doutorado PPGHS-FFLCH-USP. 2023\" tabindex=\"-1\" >\n\t\t\tLer Mais \u00bb\t\t<\/a>\n\n\t\t\t\t\t<\/div>\n\t\t\t\t<\/div>\n\t\t\t\t<div class=\"elementor-post__meta-data\">\n\t\t\t\t\t<span class=\"elementor-post-date\">\n\t\t\t25 de abril de 2023\t\t<\/span>\n\t\t\t\t<\/div>\n\t\t\t\t\t<\/div>\n\t\t<\/article>\n\t\t\t\t<article class=\"elementor-post elementor-grid-item post-1666 post type-post status-publish format-standard hentry category-teses category-textos-e-audios\" role=\"listitem\">\n\t\t\t<div class=\"elementor-post__card\">\n\t\t\t\t<div class=\"elementor-post__text\">\n\t\t\t\t<h3 class=\"elementor-post__title\">\n\t\t\t<a href=\"https:\/\/www.memoriadamusica.com.br\/index.php\/textos-e-audios\/na-batuta-dos-saloes-musica-e-danca-nos-bailes-em-sao-paulo-final-do-seculo-xix-ao-inicio-do-seculo-xx-giovana-moraes-suzin-dissertacao-de-mestrado-dh-fflch-usp-2021\/\" >\n\t\t\t\tNa batuta dos sal\u00f5es: m\u00fasica e dan\u00e7a nos bailes em S\u00e3o Paulo (final do s\u00e9culo XIX ao in\u00edcio do s\u00e9culo XX). Giovana Moraes Suzin. Disserta\u00e7\u00e3o de mestrado. DH-FFLCH-USP. 2021\t\t\t<\/a>\n\t\t<\/h3>\n\t\t\t\t\t<div class=\"elementor-post__read-more-wrapper\">\n\t\t\n\t\t<a class=\"elementor-post__read-more\" href=\"https:\/\/www.memoriadamusica.com.br\/index.php\/textos-e-audios\/na-batuta-dos-saloes-musica-e-danca-nos-bailes-em-sao-paulo-final-do-seculo-xix-ao-inicio-do-seculo-xx-giovana-moraes-suzin-dissertacao-de-mestrado-dh-fflch-usp-2021\/\" aria-label=\"Read more about Na batuta dos sal\u00f5es: m\u00fasica e dan\u00e7a nos bailes em S\u00e3o Paulo (final do s\u00e9culo XIX ao in\u00edcio do s\u00e9culo XX). Giovana Moraes Suzin. Disserta\u00e7\u00e3o de mestrado. DH-FFLCH-USP. 2021\" tabindex=\"-1\" >\n\t\t\tLer Mais \u00bb\t\t<\/a>\n\n\t\t\t\t\t<\/div>\n\t\t\t\t<\/div>\n\t\t\t\t<div class=\"elementor-post__meta-data\">\n\t\t\t\t\t<span class=\"elementor-post-date\">\n\t\t\t25 de mar\u00e7o de 2021\t\t<\/span>\n\t\t\t\t<\/div>\n\t\t\t\t\t<\/div>\n\t\t<\/article>\n\t\t\t\t<article class=\"elementor-post elementor-grid-item post-1791 post type-post status-publish format-standard hentry category-teses\" role=\"listitem\">\n\t\t\t<div class=\"elementor-post__card\">\n\t\t\t\t<div class=\"elementor-post__text\">\n\t\t\t\t<h3 class=\"elementor-post__title\">\n\t\t\t<a href=\"https:\/\/www.memoriadamusica.com.br\/index.php\/textos-e-audios\/teses\/historia-e-musica-em-sao-paulo-no-inicio-do-seculo-xx-a-trajetoria-da-banda-da-forca-publica-jose-roberto-dos-santos-dissertacao-de-mestrado-dh-fflch-usp-2019\/\" >\n\t\t\t\tHist\u00f3ria e m\u00fasica em S\u00e3o Paulo no in\u00edcio do s\u00e9culo XX: A trajet\u00f3ria da Banda da For\u00e7a P\u00fablica. Jos\u00e9 Roberto dos Santos. Disserta\u00e7\u00e3o de Mestrado. DH-FFLCH-USP. 2019\t\t\t<\/a>\n\t\t<\/h3>\n\t\t\t\t\t<div class=\"elementor-post__read-more-wrapper\">\n\t\t\n\t\t<a class=\"elementor-post__read-more\" href=\"https:\/\/www.memoriadamusica.com.br\/index.php\/textos-e-audios\/teses\/historia-e-musica-em-sao-paulo-no-inicio-do-seculo-xx-a-trajetoria-da-banda-da-forca-publica-jose-roberto-dos-santos-dissertacao-de-mestrado-dh-fflch-usp-2019\/\" aria-label=\"Read more about Hist\u00f3ria e m\u00fasica em S\u00e3o Paulo no in\u00edcio do s\u00e9culo XX: A trajet\u00f3ria da Banda da For\u00e7a P\u00fablica. Jos\u00e9 Roberto dos Santos. Disserta\u00e7\u00e3o de Mestrado. DH-FFLCH-USP. 2019\" tabindex=\"-1\" >\n\t\t\tLer Mais \u00bb\t\t<\/a>\n\n\t\t\t\t\t<\/div>\n\t\t\t\t<\/div>\n\t\t\t\t<div class=\"elementor-post__meta-data\">\n\t\t\t\t\t<span class=\"elementor-post-date\">\n\t\t\t30 de mar\u00e7o de 2019\t\t<\/span>\n\t\t\t\t<\/div>\n\t\t\t\t\t<\/div>\n\t\t<\/article>\n\t\t\t\t<article class=\"elementor-post elementor-grid-item post-2274 post type-post status-publish format-standard hentry category-teses\" role=\"listitem\">\n\t\t\t<div class=\"elementor-post__card\">\n\t\t\t\t<div class=\"elementor-post__text\">\n\t\t\t\t<h3 class=\"elementor-post__title\">\n\t\t\t<a href=\"https:\/\/www.memoriadamusica.com.br\/index.php\/textos-e-audios\/teses\/reconstituindo-um-dinossauro-com-alguns-fragmentos-de-maxilar-escrevendo-a-historia-da-musica-popular-brasileira-flavia-guia-carnevali-tese-de-doutorado-ppghs-fflch-usp-2018\/\" >\n\t\t\t\tReconstituindo um dinossauro com alguns fragmentos de maxilar: escrevendo a hist\u00f3ria da m\u00fasica popular brasileira. Fl\u00e1via Guia Carnevali. Tese de doutorado. PPGHS-FFLCH-USP, 2018\t\t\t<\/a>\n\t\t<\/h3>\n\t\t\t\t\t<div class=\"elementor-post__read-more-wrapper\">\n\t\t\n\t\t<a class=\"elementor-post__read-more\" href=\"https:\/\/www.memoriadamusica.com.br\/index.php\/textos-e-audios\/teses\/reconstituindo-um-dinossauro-com-alguns-fragmentos-de-maxilar-escrevendo-a-historia-da-musica-popular-brasileira-flavia-guia-carnevali-tese-de-doutorado-ppghs-fflch-usp-2018\/\" aria-label=\"Read more about Reconstituindo um dinossauro com alguns fragmentos de maxilar: escrevendo a hist\u00f3ria da m\u00fasica popular brasileira. Fl\u00e1via Guia Carnevali. Tese de doutorado. PPGHS-FFLCH-USP, 2018\" tabindex=\"-1\" >\n\t\t\tLer Mais \u00bb\t\t<\/a>\n\n\t\t\t\t\t<\/div>\n\t\t\t\t<\/div>\n\t\t\t\t<div class=\"elementor-post__meta-data\">\n\t\t\t\t\t<span class=\"elementor-post-date\">\n\t\t\t2 de maio de 2018\t\t<\/span>\n\t\t\t\t<\/div>\n\t\t\t\t\t<\/div>\n\t\t<\/article>\n\t\t\t\t<article class=\"elementor-post elementor-grid-item post-1789 post type-post status-publish format-standard hentry category-teses\" role=\"listitem\">\n\t\t\t<div class=\"elementor-post__card\">\n\t\t\t\t<div class=\"elementor-post__text\">\n\t\t\t\t<h3 class=\"elementor-post__title\">\n\t\t\t<a href=\"https:\/\/www.memoriadamusica.com.br\/index.php\/textos-e-audios\/teses\/o-som-da-garoa-cultura-radiofonica-e-producao-musical-em-sao-paulo-anos-1930-e-1940-giuliana-souza-de-lima-tese-de-doutorado-dh-fflch-usp-2018\/\" >\n\t\t\t\tO som da garoa: Cultura radiof\u00f4nica e produ\u00e7\u00e3o musical em S\u00e3o Paulo (anos 1930 e 1940). Giuliana Souza de Lima. Tese de Doutorado. DH-FFLCH-USP. 2018.\t\t\t<\/a>\n\t\t<\/h3>\n\t\t\t\t\t<div class=\"elementor-post__read-more-wrapper\">\n\t\t\n\t\t<a class=\"elementor-post__read-more\" href=\"https:\/\/www.memoriadamusica.com.br\/index.php\/textos-e-audios\/teses\/o-som-da-garoa-cultura-radiofonica-e-producao-musical-em-sao-paulo-anos-1930-e-1940-giuliana-souza-de-lima-tese-de-doutorado-dh-fflch-usp-2018\/\" aria-label=\"Read more about O som da garoa: Cultura radiof\u00f4nica e produ\u00e7\u00e3o musical em S\u00e3o Paulo (anos 1930 e 1940). Giuliana Souza de Lima. Tese de Doutorado. DH-FFLCH-USP. 2018.\" tabindex=\"-1\" >\n\t\t\tLer Mais \u00bb\t\t<\/a>\n\n\t\t\t\t\t<\/div>\n\t\t\t\t<\/div>\n\t\t\t\t<div class=\"elementor-post__meta-data\">\n\t\t\t\t\t<span class=\"elementor-post-date\">\n\t\t\t30 de mar\u00e7o de 2018\t\t<\/span>\n\t\t\t\t<\/div>\n\t\t\t\t\t<\/div>\n\t\t<\/article>\n\t\t\t\t<article class=\"elementor-post elementor-grid-item post-1787 post type-post status-publish format-standard hentry category-teses\" role=\"listitem\">\n\t\t\t<div class=\"elementor-post__card\">\n\t\t\t\t<div class=\"elementor-post__text\">\n\t\t\t\t<h3 class=\"elementor-post__title\">\n\t\t\t<a href=\"https:\/\/www.memoriadamusica.com.br\/index.php\/textos-e-audios\/teses\/a-industria-fonografica-e-a-musica-caipira-gravada-uma-experiencia-paulista-1878-1930-juliana-perez-gonzalez-tese-doutorado-dh-fflhc-usp-2018\/\" >\n\t\t\t\tA ind\u00fastria fonogr\u00e1fica e a m\u00fasica caipira gravada Uma experi\u00eancia paulista (1878-1930). Juliana P\u00e9rez Gonzalez. Tese Doutorado. DH-FFLHC-USP. 2018.\t\t\t<\/a>\n\t\t<\/h3>\n\t\t\t\t\t<div class=\"elementor-post__read-more-wrapper\">\n\t\t\n\t\t<a class=\"elementor-post__read-more\" href=\"https:\/\/www.memoriadamusica.com.br\/index.php\/textos-e-audios\/teses\/a-industria-fonografica-e-a-musica-caipira-gravada-uma-experiencia-paulista-1878-1930-juliana-perez-gonzalez-tese-doutorado-dh-fflhc-usp-2018\/\" aria-label=\"Read more about A ind\u00fastria fonogr\u00e1fica e a m\u00fasica caipira gravada Uma experi\u00eancia paulista (1878-1930). Juliana P\u00e9rez Gonzalez. Tese Doutorado. DH-FFLHC-USP. 2018.\" tabindex=\"-1\" >\n\t\t\tLer Mais \u00bb\t\t<\/a>\n\n\t\t\t\t\t<\/div>\n\t\t\t\t<\/div>\n\t\t\t\t<div class=\"elementor-post__meta-data\">\n\t\t\t\t\t<span class=\"elementor-post-date\">\n\t\t\t30 de mar\u00e7o de 2018\t\t<\/span>\n\t\t\t\t<\/div>\n\t\t\t\t\t<\/div>\n\t\t<\/article>\n\t\t\t\t<article class=\"elementor-post elementor-grid-item post-1785 post type-post status-publish format-standard hentry category-teses\" role=\"listitem\">\n\t\t\t<div class=\"elementor-post__card\">\n\t\t\t\t<div class=\"elementor-post__text\">\n\t\t\t\t<h3 class=\"elementor-post__title\">\n\t\t\t<a href=\"https:\/\/www.memoriadamusica.com.br\/index.php\/textos-e-audios\/teses\/memoria-e-historia-os-processos-de-institucionalizacao-da-musica-popular-brasileira-1964-1985-raul-celestino-t-soares-neto-dissertacao-de-mestrado-dh-fflch-usp-2018\/\" >\n\t\t\t\tMem\u00f3ria e Hist\u00f3ria: Os processos de institucionaliza\u00e7\u00e3o da m\u00fasica popular brasileira (1964-1985). Raul Celestino T. Soares Neto. Disserta\u00e7\u00e3o de Mestrado. DH-FFLCH-USP. 2018\t\t\t<\/a>\n\t\t<\/h3>\n\t\t\t\t\t<div class=\"elementor-post__read-more-wrapper\">\n\t\t\n\t\t<a class=\"elementor-post__read-more\" href=\"https:\/\/www.memoriadamusica.com.br\/index.php\/textos-e-audios\/teses\/memoria-e-historia-os-processos-de-institucionalizacao-da-musica-popular-brasileira-1964-1985-raul-celestino-t-soares-neto-dissertacao-de-mestrado-dh-fflch-usp-2018\/\" aria-label=\"Read more about Mem\u00f3ria e Hist\u00f3ria: Os processos de institucionaliza\u00e7\u00e3o da m\u00fasica popular brasileira (1964-1985). Raul Celestino T. Soares Neto. Disserta\u00e7\u00e3o de Mestrado. DH-FFLCH-USP. 2018\" tabindex=\"-1\" >\n\t\t\tLer Mais \u00bb\t\t<\/a>\n\n\t\t\t\t\t<\/div>\n\t\t\t\t<\/div>\n\t\t\t\t<div class=\"elementor-post__meta-data\">\n\t\t\t\t\t<span class=\"elementor-post-date\">\n\t\t\t30 de mar\u00e7o de 2018\t\t<\/span>\n\t\t\t\t<\/div>\n\t\t\t\t\t<\/div>\n\t\t<\/article>\n\t\t\t\t<article class=\"elementor-post elementor-grid-item post-1783 post type-post status-publish format-standard hentry category-teses\" role=\"listitem\">\n\t\t\t<div class=\"elementor-post__card\">\n\t\t\t\t<div class=\"elementor-post__text\">\n\t\t\t\t<h3 class=\"elementor-post__title\">\n\t\t\t<a href=\"https:\/\/www.memoriadamusica.com.br\/index.php\/textos-e-audios\/teses\/vai-graxa-ou-samba-senhor-a-musica-dos-engraxates-paulistanos-entre-1920-e-1950-andre-augusto-de-o-santos-dissertacao-de-mestrado-dh-fflch-usp-2015\/\" >\n\t\t\t\tVai graxa ou samba, senhor? A m\u00fasica dos engraxates paulistanos entre 1920 e 1950. Andr\u00e9 Augusto de O. Santos. Disserta\u00e7\u00e3o de Mestrado. DH-FFLCH-USP. 2015\t\t\t<\/a>\n\t\t<\/h3>\n\t\t\t\t\t<div class=\"elementor-post__read-more-wrapper\">\n\t\t\n\t\t<a class=\"elementor-post__read-more\" href=\"https:\/\/www.memoriadamusica.com.br\/index.php\/textos-e-audios\/teses\/vai-graxa-ou-samba-senhor-a-musica-dos-engraxates-paulistanos-entre-1920-e-1950-andre-augusto-de-o-santos-dissertacao-de-mestrado-dh-fflch-usp-2015\/\" aria-label=\"Read more about Vai graxa ou samba, senhor? A m\u00fasica dos engraxates paulistanos entre 1920 e 1950. Andr\u00e9 Augusto de O. Santos. Disserta\u00e7\u00e3o de Mestrado. DH-FFLCH-USP. 2015\" tabindex=\"-1\" >\n\t\t\tLer Mais \u00bb\t\t<\/a>\n\n\t\t\t\t\t<\/div>\n\t\t\t\t<\/div>\n\t\t\t\t<div class=\"elementor-post__meta-data\">\n\t\t\t\t\t<span class=\"elementor-post-date\">\n\t\t\t30 de mar\u00e7o de 2015\t\t<\/span>\n\t\t\t\t<\/div>\n\t\t\t\t\t<\/div>\n\t\t<\/article>\n\t\t\t\t<article class=\"elementor-post elementor-grid-item post-1781 post type-post status-publish format-standard hentry category-teses\" role=\"listitem\">\n\t\t\t<div class=\"elementor-post__card\">\n\t\t\t\t<div class=\"elementor-post__text\">\n\t\t\t\t<h3 class=\"elementor-post__title\">\n\t\t\t<a href=\"https:\/\/www.memoriadamusica.com.br\/index.php\/textos-e-audios\/teses\/uma-colcha-de-retalhos-a-musica-em-cena-em-sao-paulo-entre-o-final-do-seculo-xix-e-inicio-do-xx-denise-sella-fonseca-dissertacao-de-mestrado-dh-fflch-usp-2014\/\" >\n\t\t\t\tUma \u201ccolcha de retalhos\u201d. A m\u00fasica em cena em S\u00e3o Paulo entre o final do s\u00e9culo XIX e in\u00edcio do XX. Denise Sella Fonseca. Disserta\u00e7\u00e3o de mestrado. DH-FFLCH-USP. 2014\t\t\t<\/a>\n\t\t<\/h3>\n\t\t\t\t\t<div class=\"elementor-post__read-more-wrapper\">\n\t\t\n\t\t<a class=\"elementor-post__read-more\" href=\"https:\/\/www.memoriadamusica.com.br\/index.php\/textos-e-audios\/teses\/uma-colcha-de-retalhos-a-musica-em-cena-em-sao-paulo-entre-o-final-do-seculo-xix-e-inicio-do-xx-denise-sella-fonseca-dissertacao-de-mestrado-dh-fflch-usp-2014\/\" aria-label=\"Read more about Uma \u201ccolcha de retalhos\u201d. A m\u00fasica em cena em S\u00e3o Paulo entre o final do s\u00e9culo XIX e in\u00edcio do XX. Denise Sella Fonseca. Disserta\u00e7\u00e3o de mestrado. DH-FFLCH-USP. 2014\" tabindex=\"-1\" >\n\t\t\tLer Mais \u00bb\t\t<\/a>\n\n\t\t\t\t\t<\/div>\n\t\t\t\t<\/div>\n\t\t\t\t<div class=\"elementor-post__meta-data\">\n\t\t\t\t\t<span class=\"elementor-post-date\">\n\t\t\t30 de mar\u00e7o de 2014\t\t<\/span>\n\t\t\t\t<\/div>\n\t\t\t\t\t<\/div>\n\t\t<\/article>\n\t\t\t\t<article class=\"elementor-post elementor-grid-item post-1779 post type-post status-publish format-standard hentry category-teses\" role=\"listitem\">\n\t\t\t<div class=\"elementor-post__card\">\n\t\t\t\t<div class=\"elementor-post__text\">\n\t\t\t\t<h3 class=\"elementor-post__title\">\n\t\t\t<a href=\"https:\/\/www.memoriadamusica.com.br\/index.php\/textos-e-audios\/teses\/a-cena-musical-paulistana-teatro-musicado-e-cancao-popular-na-cidade-de-sao-paulo-1914-1934-virginia-bessa-tese-de-doutorado-dh-fflch-usp-2012\/\" >\n\t\t\t\tA cena musical paulistana: teatro musicado e can\u00e7\u00e3o popular na cidade de S\u00e3o Paulo (1914-1934). Virginia Bessa. Tese de Doutorado. DH-FFLCH-USP. 2012\t\t\t<\/a>\n\t\t<\/h3>\n\t\t\t\t\t<div class=\"elementor-post__read-more-wrapper\">\n\t\t\n\t\t<a class=\"elementor-post__read-more\" href=\"https:\/\/www.memoriadamusica.com.br\/index.php\/textos-e-audios\/teses\/a-cena-musical-paulistana-teatro-musicado-e-cancao-popular-na-cidade-de-sao-paulo-1914-1934-virginia-bessa-tese-de-doutorado-dh-fflch-usp-2012\/\" aria-label=\"Read more about A cena musical paulistana: teatro musicado e can\u00e7\u00e3o popular na cidade de S\u00e3o Paulo (1914-1934). Virginia Bessa. Tese de Doutorado. DH-FFLCH-USP. 2012\" tabindex=\"-1\" >\n\t\t\tLer Mais \u00bb\t\t<\/a>\n\n\t\t\t\t\t<\/div>\n\t\t\t\t<\/div>\n\t\t\t\t<div class=\"elementor-post__meta-data\">\n\t\t\t\t\t<span class=\"elementor-post-date\">\n\t\t\t30 de mar\u00e7o de 2012\t\t<\/span>\n\t\t\t\t<\/div>\n\t\t\t\t\t<\/div>\n\t\t<\/article>\n\t\t\t\t<article class=\"elementor-post elementor-grid-item post-1777 post type-post status-publish format-standard hentry category-teses\" role=\"listitem\">\n\t\t\t<div class=\"elementor-post__card\">\n\t\t\t\t<div class=\"elementor-post__text\">\n\t\t\t\t<h3 class=\"elementor-post__title\">\n\t\t\t<a href=\"https:\/\/www.memoriadamusica.com.br\/index.php\/textos-e-audios\/teses\/almirante-a-mais-alta-patente-do-radio-e-a-construcao-da-historia-da-musica-popular-brasileira-1838-1958-giuliana-lima-dissertacao-de-mestrado-dh-ffclh-usp-2012\/\" >\n\t\t\t\tAlmirante: a mais alta patente do r\u00e1dio e a constru\u00e7\u00e3o da hist\u00f3ria da m\u00fasica popular brasileira (1838-1958). Giuliana Lima. Disserta\u00e7\u00e3o de Mestrado. DH-FFCLH-USP. 2012\t\t\t<\/a>\n\t\t<\/h3>\n\t\t\t\t\t<div class=\"elementor-post__read-more-wrapper\">\n\t\t\n\t\t<a class=\"elementor-post__read-more\" href=\"https:\/\/www.memoriadamusica.com.br\/index.php\/textos-e-audios\/teses\/almirante-a-mais-alta-patente-do-radio-e-a-construcao-da-historia-da-musica-popular-brasileira-1838-1958-giuliana-lima-dissertacao-de-mestrado-dh-ffclh-usp-2012\/\" aria-label=\"Read more about Almirante: a mais alta patente do r\u00e1dio e a constru\u00e7\u00e3o da hist\u00f3ria da m\u00fasica popular brasileira (1838-1958). Giuliana Lima. Disserta\u00e7\u00e3o de Mestrado. DH-FFCLH-USP. 2012\" tabindex=\"-1\" >\n\t\t\tLer Mais \u00bb\t\t<\/a>\n\n\t\t\t\t\t<\/div>\n\t\t\t\t<\/div>\n\t\t\t\t<div class=\"elementor-post__meta-data\">\n\t\t\t\t\t<span class=\"elementor-post-date\">\n\t\t\t30 de mar\u00e7o de 2012\t\t<\/span>\n\t\t\t\t<\/div>\n\t\t\t\t\t<\/div>\n\t\t<\/article>\n\t\t\t\t<article class=\"elementor-post elementor-grid-item post-1775 post type-post status-publish format-standard hentry category-teses\" role=\"listitem\">\n\t\t\t<div class=\"elementor-post__card\">\n\t\t\t\t<div class=\"elementor-post__text\">\n\t\t\t\t<h3 class=\"elementor-post__title\">\n\t\t\t<a href=\"https:\/\/www.memoriadamusica.com.br\/index.php\/textos-e-audios\/teses\/da-musica-folclorica-a-musica-mecanica-uma-historia-do-conceito-musica-popular-por-intermedio-de-mario-de-andrade-1893-1945-juliana-perez-gonzalez-dissertacao-de-mestrado-dh-fflch-usp-2012\/\" >\n\t\t\t\tDa M\u00fasica Folclorica \u00e0 M\u00fasica Mec\u00e2nica. Uma Hist\u00f3ria do Conceito M\u00fasica Popular por Interm\u00e9dio de M\u00e1rio de Andrade (1893-1945). Juliana Perez Gonz\u00e1lez. Disserta\u00e7\u00e3o de Mestrado. DH-FFLCH-USP. 2012\t\t\t<\/a>\n\t\t<\/h3>\n\t\t\t\t\t<div class=\"elementor-post__read-more-wrapper\">\n\t\t\n\t\t<a class=\"elementor-post__read-more\" href=\"https:\/\/www.memoriadamusica.com.br\/index.php\/textos-e-audios\/teses\/da-musica-folclorica-a-musica-mecanica-uma-historia-do-conceito-musica-popular-por-intermedio-de-mario-de-andrade-1893-1945-juliana-perez-gonzalez-dissertacao-de-mestrado-dh-fflch-usp-2012\/\" aria-label=\"Read more about Da M\u00fasica Folclorica \u00e0 M\u00fasica Mec\u00e2nica. Uma Hist\u00f3ria do Conceito M\u00fasica Popular por Interm\u00e9dio de M\u00e1rio de Andrade (1893-1945). Juliana Perez Gonz\u00e1lez. Disserta\u00e7\u00e3o de Mestrado. DH-FFLCH-USP. 2012\" tabindex=\"-1\" >\n\t\t\tLer Mais \u00bb\t\t<\/a>\n\n\t\t\t\t\t<\/div>\n\t\t\t\t<\/div>\n\t\t\t\t<div class=\"elementor-post__meta-data\">\n\t\t\t\t\t<span class=\"elementor-post-date\">\n\t\t\t30 de mar\u00e7o de 2012\t\t<\/span>\n\t\t\t\t<\/div>\n\t\t\t\t\t<\/div>\n\t\t<\/article>\n\t\t\t\t<article class=\"elementor-post elementor-grid-item post-1773 post type-post status-publish format-standard hentry category-teses\" role=\"listitem\">\n\t\t\t<div class=\"elementor-post__card\">\n\t\t\t\t<div class=\"elementor-post__text\">\n\t\t\t\t<h3 class=\"elementor-post__title\">\n\t\t\t<a href=\"https:\/\/www.memoriadamusica.com.br\/index.php\/textos-e-audios\/teses\/a-mineira-ruidosa-cultura-popular-e-brasilidade-na-obra-de-alexina-magalhaes-pinto-flavia-guia-carnevali-dissertacao-de-mestrado-dh-fflch-usp-2009\/\" >\n\t\t\t\t&#8220;A Mineira Ruidosa&#8221;. Cultura popular e brasilidade na obra de Alexina Magalh\u00e3es Pinto. Fl\u00e1via Guia Carnevali. Disserta\u00e7\u00e3o de mestrado. DH-FFLCH-USP. 2009.\t\t\t<\/a>\n\t\t<\/h3>\n\t\t\t\t\t<div class=\"elementor-post__read-more-wrapper\">\n\t\t\n\t\t<a class=\"elementor-post__read-more\" href=\"https:\/\/www.memoriadamusica.com.br\/index.php\/textos-e-audios\/teses\/a-mineira-ruidosa-cultura-popular-e-brasilidade-na-obra-de-alexina-magalhaes-pinto-flavia-guia-carnevali-dissertacao-de-mestrado-dh-fflch-usp-2009\/\" aria-label=\"Read more about &#8220;A Mineira Ruidosa&#8221;. Cultura popular e brasilidade na obra de Alexina Magalh\u00e3es Pinto. Fl\u00e1via Guia Carnevali. Disserta\u00e7\u00e3o de mestrado. DH-FFLCH-USP. 2009.\" tabindex=\"-1\" >\n\t\t\tLer Mais \u00bb\t\t<\/a>\n\n\t\t\t\t\t<\/div>\n\t\t\t\t<\/div>\n\t\t\t\t<div class=\"elementor-post__meta-data\">\n\t\t\t\t\t<span class=\"elementor-post-date\">\n\t\t\t30 de mar\u00e7o de 2009\t\t<\/span>\n\t\t\t\t<\/div>\n\t\t\t\t\t<\/div>\n\t\t<\/article>\n\t\t\t\t<article class=\"elementor-post elementor-grid-item post-597 post type-post status-publish format-standard hentry category-teses\" role=\"listitem\">\n\t\t\t<div class=\"elementor-post__card\">\n\t\t\t\t<div class=\"elementor-post__text\">\n\t\t\t\t<h3 class=\"elementor-post__title\">\n\t\t\t<a href=\"https:\/\/www.memoriadamusica.com.br\/index.php\/textos-e-audios\/teses\/significacoes-sociais-culturais-e-simbolicas-na-trajetoria-da-banda-de-pifanos-de-caruaru-e-a-problematica-historica-do-estudo-da-cultura-de-tradicao-oral-no-brasil-1924-2006-cristina-eira-velho\/\" >\n\t\t\t\tSignifica\u00e7\u00f5es sociais, culturais e simb\u00f3licas na trajet\u00f3ria da banda de P\u00edfanos de Caruaru e a problem\u00e1tica hist\u00f3rica do estudo da cultura de tradi\u00e7\u00e3o oral no Brasil (1924-2006). Cristina Eira Velho. Disserta\u00e7\u00e3o de Mestrado. DH-FFLCH-USP. 2006\t\t\t<\/a>\n\t\t<\/h3>\n\t\t\t\t\t<div class=\"elementor-post__read-more-wrapper\">\n\t\t\n\t\t<a class=\"elementor-post__read-more\" href=\"https:\/\/www.memoriadamusica.com.br\/index.php\/textos-e-audios\/teses\/significacoes-sociais-culturais-e-simbolicas-na-trajetoria-da-banda-de-pifanos-de-caruaru-e-a-problematica-historica-do-estudo-da-cultura-de-tradicao-oral-no-brasil-1924-2006-cristina-eira-velho\/\" aria-label=\"Read more about Significa\u00e7\u00f5es sociais, culturais e simb\u00f3licas na trajet\u00f3ria da banda de P\u00edfanos de Caruaru e a problem\u00e1tica hist\u00f3rica do estudo da cultura de tradi\u00e7\u00e3o oral no Brasil (1924-2006). Cristina Eira Velho. Disserta\u00e7\u00e3o de Mestrado. DH-FFLCH-USP. 2006\" tabindex=\"-1\" >\n\t\t\tLer Mais \u00bb\t\t<\/a>\n\n\t\t\t\t\t<\/div>\n\t\t\t\t<\/div>\n\t\t\t\t<div class=\"elementor-post__meta-data\">\n\t\t\t\t\t<span class=\"elementor-post-date\">\n\t\t\t16 de fevereiro de 2006\t\t<\/span>\n\t\t\t\t<\/div>\n\t\t\t\t\t<\/div>\n\t\t<\/article>\n\t\t\t\t<\/div>\n\t\t\t\t\t<span class=\"e-load-more-spinner\">\n\t\t\t\t<svg aria-hidden=\"true\" class=\"e-font-icon-svg e-fas-spinner\" viewBox=\"0 0 512 512\" xmlns=\"http:\/\/www.w3.org\/2000\/svg\"><path d=\"M304 48c0 26.51-21.49 48-48 48s-48-21.49-48-48 21.49-48 48-48 48 21.49 48 48zm-48 368c-26.51 0-48 21.49-48 48s21.49 48 48 48 48-21.49 48-48-21.49-48-48-48zm208-208c-26.51 0-48 21.49-48 48s21.49 48 48 48 48-21.49 48-48-21.49-48-48-48zM96 256c0-26.51-21.49-48-48-48S0 229.49 0 256s21.49 48 48 48 48-21.49 48-48zm12.922 99.078c-26.51 0-48 21.49-48 48s21.49 48 48 48 48-21.49 48-48c0-26.509-21.491-48-48-48zm294.156 0c-26.51 0-48 21.49-48 48s21.49 48 48 48 48-21.49 48-48c0-26.509-21.49-48-48-48zM108.922 60.922c-26.51 0-48 21.49-48 48s21.49 48 48 48 48-21.49 48-48-21.491-48-48-48z\"><\/path><\/svg>\t\t\t<\/span>\n\t\t\n\t\t\t\t\t\t<\/div>\n\t\t\t\t<\/div>\n\t\t\t\t\t<\/div>\n\t\t\t\t<\/div>\n\t\t\t\t<\/div>\n\t\t","protected":false},"excerpt":{"rendered":"<p>Textos e \u00c1udios Teses<\/p>\n","protected":false},"author":1,"featured_media":0,"parent":0,"menu_order":0,"comment_status":"closed","ping_status":"closed","template":"","meta":{"site-sidebar-layout":"no-sidebar","site-content-layout":"","ast-site-content-layout":"full-width-container","site-content-style":"default","site-sidebar-style":"default","ast-global-header-display":"","ast-banner-title-visibility":"","ast-main-header-display":"","ast-hfb-above-header-display":"","ast-hfb-below-header-display":"","ast-hfb-mobile-header-display":"","site-post-title":"disabled","ast-breadcrumbs-content":"","ast-featured-img":"disabled","footer-sml-layout":"","ast-disable-related-posts":"","theme-transparent-header-meta":"","adv-header-id-meta":"","stick-header-meta":"","header-above-stick-meta":"","header-main-stick-meta":"","header-below-stick-meta":"","astra-migrate-meta-layouts":"default","ast-page-background-enabled":"default","ast-page-background-meta":{"desktop":{"background-color":"var(--ast-global-color-4)","background-image":"","background-repeat":"repeat","background-position":"center center","background-size":"auto","background-attachment":"scroll","background-type":"","background-media":"","overlay-type":"","overlay-color":"","overlay-opacity":"","overlay-gradient":""},"tablet":{"background-color":"","background-image":"","background-repeat":"repeat","background-position":"center center","background-size":"auto","background-attachment":"scroll","background-type":"","background-media":"","overlay-type":"","overlay-color":"","overlay-opacity":"","overlay-gradient":""},"mobile":{"background-color":"","background-image":"","background-repeat":"repeat","background-position":"center center","background-size":"auto","background-attachment":"scroll","background-type":"","background-media":"","overlay-type":"","overlay-color":"","overlay-opacity":"","overlay-gradient":""}},"ast-content-background-meta":{"desktop":{"background-color":"var(--ast-global-color-5)","background-image":"","background-repeat":"repeat","background-position":"center center","background-size":"auto","background-attachment":"scroll","background-type":"","background-media":"","overlay-type":"","overlay-color":"","overlay-opacity":"","overlay-gradient":""},"tablet":{"background-color":"var(--ast-global-color-5)","background-image":"","background-repeat":"repeat","background-position":"center center","background-size":"auto","background-attachment":"scroll","background-type":"","background-media":"","overlay-type":"","overlay-color":"","overlay-opacity":"","overlay-gradient":""},"mobile":{"background-color":"var(--ast-global-color-5)","background-image":"","background-repeat":"repeat","background-position":"center center","background-size":"auto","background-attachment":"scroll","background-type":"","background-media":"","overlay-type":"","overlay-color":"","overlay-opacity":"","overlay-gradient":""}},"footnotes":""},"class_list":["post-28","page","type-page","status-publish","hentry"],"_links":{"self":[{"href":"https:\/\/www.memoriadamusica.com.br\/index.php\/wp-json\/wp\/v2\/pages\/28","targetHints":{"allow":["GET"]}}],"collection":[{"href":"https:\/\/www.memoriadamusica.com.br\/index.php\/wp-json\/wp\/v2\/pages"}],"about":[{"href":"https:\/\/www.memoriadamusica.com.br\/index.php\/wp-json\/wp\/v2\/types\/page"}],"author":[{"embeddable":true,"href":"https:\/\/www.memoriadamusica.com.br\/index.php\/wp-json\/wp\/v2\/users\/1"}],"replies":[{"embeddable":true,"href":"https:\/\/www.memoriadamusica.com.br\/index.php\/wp-json\/wp\/v2\/comments?post=28"}],"version-history":[{"count":6,"href":"https:\/\/www.memoriadamusica.com.br\/index.php\/wp-json\/wp\/v2\/pages\/28\/revisions"}],"predecessor-version":[{"id":3113,"href":"https:\/\/www.memoriadamusica.com.br\/index.php\/wp-json\/wp\/v2\/pages\/28\/revisions\/3113"}],"wp:attachment":[{"href":"https:\/\/www.memoriadamusica.com.br\/index.php\/wp-json\/wp\/v2\/media?parent=28"}],"curies":[{"name":"wp","href":"https:\/\/api.w.org\/{rel}","templated":true}]}}